{"id":261,"date":"2021-01-08T01:04:22","date_gmt":"2021-01-08T01:04:22","guid":{"rendered":"https:\/\/4ol.co\/?page_id=261"},"modified":"2023-08-10T17:47:26","modified_gmt":"2023-08-10T17:47:26","slug":"gestion-programa-de-salud-sexual-y-reproductiva","status":"publish","type":"page","link":"https:\/\/4ol.co\/index.php\/gestion-programa-de-salud-sexual-y-reproductiva\/","title":{"rendered":"GESTI\u00d3N PROGRAMA DE SALUD SEXUAL Y REPRODUCTIVA &#8211; GESS+SSR"},"content":{"rendered":"\n<p><\/p>\n\n\n\n<h3 class=\"wp-block-heading\"><strong>GESS+ busca resolver principalmente: <\/strong><\/h3>\n\n\n\n<div class=\"wp-block-columns is-layout-flex wp-container-core-columns-is-layout-9d6595d7 wp-block-columns-is-layout-flex\">\n<div class=\"wp-block-column is-layout-flow wp-block-column-is-layout-flow\"><div class=\"wp-block-image\">\n<figure class=\"aligncenter size-large\"><img loading=\"lazy\" decoding=\"async\" width=\"503\" height=\"319\" src=\"https:\/\/4ol.co\/wp-content\/uploads\/2021\/01\/Maltrato-de-genero.jpg\" alt=\"\" class=\"wp-image-325\" srcset=\"https:\/\/4ol.co\/wp-content\/uploads\/2021\/01\/Maltrato-de-genero.jpg 503w, https:\/\/4ol.co\/wp-content\/uploads\/2021\/01\/Maltrato-de-genero-300x190.jpg 300w\" sizes=\"auto, (max-width: 503px) 100vw, 503px\" \/><\/figure>\n<\/div><\/div>\n\n\n\n<div class=\"wp-block-column is-layout-flow wp-block-column-is-layout-flow\">\n<ul class=\"has-text-color wp-block-list\" style=\"color:#000000\">\n<li>Embarazos en los adolescentes que pueden afectar los planes de vida y riesgos de salud en la poblaci\u00f3n.<\/li>\n\n\n\n<li>Dificultad en el acceso a asesor\u00eda y m\u00e9todos de planificaci\u00f3n familiar.<\/li>\n\n\n\n<li>Asistencia no oportuna a situaciones de depresi\u00f3n, violencia intrafamiliar e ideas suicidas en los adolescentes.<\/li>\n\n\n\n<li>Baja cobertura en los programas de asistencia psicosocial y salud mental en los adolescentes.<\/li>\n<\/ul>\n<\/div>\n<\/div>\n\n\n\n<h3 class=\"wp-block-heading\"><strong>GESS+ agrega valor y permite: <\/strong><\/h3>\n\n\n\n<div class=\"wp-block-columns is-layout-flex wp-container-core-columns-is-layout-9d6595d7 wp-block-columns-is-layout-flex\">\n<div class=\"wp-block-column is-vertically-aligned-bottom is-layout-flow wp-block-column-is-layout-flow\">\n<figure class=\"wp-block-embed aligncenter is-type-video is-provider-youtube wp-block-embed-youtube wp-embed-aspect-16-9 wp-has-aspect-ratio\"><div class=\"wp-block-embed__wrapper\">\n<iframe loading=\"lazy\" title=\"Gesti\u00f3n del programa de salud sexual y reproductivo - GESS+ SSR\" width=\"500\" height=\"281\" src=\"https:\/\/www.youtube.com\/embed\/EV219SUrYHU?feature=oembed\" frameborder=\"0\" allow=\"accelerometer; autoplay; clipboard-write; encrypted-media; gyroscope; picture-in-picture; web-share\" referrerpolicy=\"strict-origin-when-cross-origin\" allowfullscreen><\/iframe>\n<\/div><\/figure>\n<\/div>\n\n\n\n<div class=\"wp-block-column is-layout-flow wp-block-column-is-layout-flow\">\n<ul class=\"has-text-color wp-block-list\" style=\"color:#000000\">\n<li>Crear un canal directo de atenci\u00f3n a los adolescentes.<\/li>\n\n\n\n<li>Habilitar un m\u00e9todo de atenci\u00f3n a trav\u00e9s de la telemedicina y el telecontacto.<\/li>\n\n\n\n<li>Facilitar la comunicaci\u00f3n con los adolescentes para conocer de \u201cprimera mano\u201d sus necesidades.<\/li>\n\n\n\n<li>Conocer lo que piensa la poblaci\u00f3n de adolescentes respecto a ideas suicidas, depresi\u00f3n, m\u00e9todos de planificaci\u00f3n y de esta manera tomar decisiones oportunas y asertivas.<\/li>\n\n\n\n<li>Ofrecer un canal privado y accesible a la poblaci\u00f3n adolescente, que permita tratar temas que afectan su salud f\u00edsica y mental.<\/li>\n<\/ul>\n<\/div>\n<\/div>\n\n\n\n<div class=\"wp-block-buttons is-layout-flex wp-block-buttons-is-layout-flex\"><\/div>\n\n\n\n<div class=\"wp-block-buttons is-content-justification-center is-layout-flex wp-container-core-buttons-is-layout-16018d1d wp-block-buttons-is-layout-flex\">\n<div class=\"wp-block-button\"><a class=\"wp-block-button__link wp-element-button\" href=\"http:\/\/186.154.140.2:3004\/plataforma\/com.plataforma.gamexamplelogin\" target=\"_blank\" rel=\"noreferrer noopener\"><strong>Ver Demo plataforma GESS+<\/strong><\/a><\/div>\n<\/div>\n\n\n\n<hr class=\"wp-block-separator has-text-color has-colibri-color-1-color has-css-opacity has-colibri-color-1-background-color has-background aligncenter is-style-dots\"\/>\n\n\n\n<h3 class=\"wp-block-heading has-text-align-center\"><strong>GESS+ incluye:<\/strong><\/h3>\n\n\n\n<div class=\"wp-block-group\"><div class=\"wp-block-group__inner-container is-layout-flow wp-block-group-is-layout-flow\">\n<div class=\"wp-block-columns is-layout-flex wp-container-core-columns-is-layout-9d6595d7 wp-block-columns-is-layout-flex\">\n<div class=\"wp-block-column is-layout-flow wp-block-column-is-layout-flow\">\n<h4 class=\"wp-block-heading has-text-align-center\" style=\"font-size:28px\">&#8211; <strong>Plataforma de gesti\u00f3n y seguimiento<\/strong> <\/h4>\n\n\n<div class=\"wp-block-image\">\n<figure class=\"alignright size-large\"><img loading=\"lazy\" decoding=\"async\" width=\"720\" height=\"475\" src=\"https:\/\/4ol.co\/wp-content\/uploads\/2021\/01\/Gestion-y-seguimiento.png\" alt=\"\" class=\"wp-image-473\" srcset=\"https:\/\/4ol.co\/wp-content\/uploads\/2021\/01\/Gestion-y-seguimiento.png 720w, https:\/\/4ol.co\/wp-content\/uploads\/2021\/01\/Gestion-y-seguimiento-300x198.png 300w\" sizes=\"auto, (max-width: 720px) 100vw, 720px\" \/><\/figure>\n<\/div>\n\n\n<p class=\"has-text-color\" style=\"color:#000000;font-size:17px\">Permite gestionar las atenciones prestadas a los adolescentes y realizar el respectivo monitoreo y an\u00e1lisis. Genera la reportar\u00eda consolidada y detallada de las actividades prestadas, para su gesti\u00f3n interna y presentaci\u00f3n a los entes de control que lo requieran.<\/p>\n\n\n\n<h4 class=\"wp-block-heading has-text-align-center\" style=\"font-size:28px\">&#8211; <strong>App para adolescentes<\/strong><\/h4>\n\n\n<div class=\"wp-block-image\">\n<figure class=\"aligncenter size-large is-resized\"><img loading=\"lazy\" decoding=\"async\" src=\"https:\/\/4ol.co\/wp-content\/uploads\/2021\/01\/App-adolescentes.jpg\" alt=\"\" class=\"wp-image-491\" style=\"width:443px;height:384px\" width=\"443\" height=\"384\" srcset=\"https:\/\/4ol.co\/wp-content\/uploads\/2021\/01\/App-adolescentes.jpg 480w, https:\/\/4ol.co\/wp-content\/uploads\/2021\/01\/App-adolescentes-300x261.jpg 300w\" sizes=\"auto, (max-width: 443px) 100vw, 443px\" \/><\/figure>\n<\/div>\n\n\n<div class=\"wp-block-buttons is-content-justification-center is-layout-flex wp-container-core-buttons-is-layout-16018d1d wp-block-buttons-is-layout-flex\">\n<div class=\"wp-block-button is-style-outline is-style-outline--1\"><a class=\"wp-block-button__link wp-element-button\" href=\"http:\/\/186.31.4.211:3004\/apk\/gesscomapp.apk\" target=\"_blank\" rel=\"noreferrer noopener\"><strong>Descarga App Adolescentes<\/strong><\/a><\/div>\n<\/div>\n\n\n\n<p><\/p>\n\n\n\n<p class=\"has-text-color\" style=\"color:#000000;font-size:17px\">Permite una comunicaci\u00f3n directa con los adolescentes respecto a situaciones de depresi\u00f3n, ideas suicidas, solicitudes de m\u00e9todos de planificaci\u00f3n. Adem\u00e1s de recibir orientaci\u00f3n en l\u00ednea y recordatorios de asistencia a controles m\u00e9dicos y prenatales, entre otras notificaciones.<\/p>\n\n\n\n<h4 class=\"wp-block-heading has-text-align-center has-colibri-color-6-color has-text-color\" style=\"font-size:28px\"><strong><strong>&#8211; App para funcionarios de salud<\/strong><\/strong><\/h4>\n\n\n<div class=\"wp-block-image\">\n<figure class=\"aligncenter size-full\"><img loading=\"lazy\" decoding=\"async\" width=\"480\" height=\"417\" src=\"https:\/\/4ol.co\/wp-content\/uploads\/2022\/05\/App-funcionariosss.png\" alt=\"\" class=\"wp-image-2437\" srcset=\"https:\/\/4ol.co\/wp-content\/uploads\/2022\/05\/App-funcionariosss.png 480w, https:\/\/4ol.co\/wp-content\/uploads\/2022\/05\/App-funcionariosss-300x261.png 300w\" sizes=\"auto, (max-width: 480px) 100vw, 480px\" \/><\/figure>\n<\/div>\n\n\n<div class=\"wp-block-buttons is-content-justification-center is-layout-flex wp-container-core-buttons-is-layout-16018d1d wp-block-buttons-is-layout-flex\">\n<div class=\"wp-block-button is-style-outline is-style-outline--2\"><a class=\"wp-block-button__link wp-element-button\" href=\"http:\/\/186.31.4.211:3004\/apk\/gessfuncionario.apk\" target=\"_blank\" rel=\"noreferrer noopener\"><strong>Descarga App Funcionarios<\/strong><\/a><\/div>\n<\/div>\n\n\n\n<p><\/p>\n\n\n\n<p class=\"has-black-color has-text-color\" style=\"font-size:17px\">Le permite al funcionario realizar el registro de las atenciones m\u00e9dicas, antecedentes, controles prenatales, consejer\u00edas de planificaci\u00f3n familiar, procedimientos, entre otros de manera Off-line.  <\/p>\n<\/div>\n\n\n\n<div class=\"wp-block-column is-layout-flow wp-block-column-is-layout-flow\">\n<h4 class=\"wp-block-heading has-text-align-center\" style=\"font-size:28px\">&#8211; <strong>Plataforma de registro de atenci\u00f3n<\/strong><\/h4>\n\n\n\n<figure class=\"wp-block-image size-large\"><img loading=\"lazy\" decoding=\"async\" width=\"720\" height=\"486\" src=\"https:\/\/4ol.co\/wp-content\/uploads\/2021\/01\/Registro-de-atencion.png\" alt=\"\" class=\"wp-image-477\" srcset=\"https:\/\/4ol.co\/wp-content\/uploads\/2021\/01\/Registro-de-atencion.png 720w, https:\/\/4ol.co\/wp-content\/uploads\/2021\/01\/Registro-de-atencion-300x203.png 300w\" sizes=\"auto, (max-width: 720px) 100vw, 720px\" \/><\/figure>\n\n\n\n<p class=\"has-text-color\" style=\"color:#000000;font-size:17px\">Permite registrar las consultas m\u00e9dicas, controles prenatales, consejer\u00edas de planificaci\u00f3n familiar, entrega de m\u00e9todos de planificaci\u00f3n, entre otros.<\/p>\n\n\n\n<h4 class=\"wp-block-heading has-text-align-center\" style=\"font-size:28px\">&#8211; <strong>Tableros de control y visores geogr\u00e1ficos de la gesti\u00f3n de servicios<\/strong><\/h4>\n\n\n\n<figure class=\"wp-block-image size-large\"><img loading=\"lazy\" decoding=\"async\" width=\"720\" height=\"351\" src=\"https:\/\/4ol.co\/wp-content\/uploads\/2021\/01\/Visor-GESS.png\" alt=\"\" class=\"wp-image-483\" srcset=\"https:\/\/4ol.co\/wp-content\/uploads\/2021\/01\/Visor-GESS.png 720w, https:\/\/4ol.co\/wp-content\/uploads\/2021\/01\/Visor-GESS-300x146.png 300w\" sizes=\"auto, (max-width: 720px) 100vw, 720px\" \/><\/figure>\n\n\n\n<p class=\"has-text-color\" style=\"color:#000000;font-size:17px\">Genera indicadores que permiten evaluar la gesti\u00f3n de los servicios prestados. Adicional, permite visualizar alertas sobre adolescentes que no asisten a los programas, embarazos, fallas de m\u00e9todos, entre otros. Permiten promover mayor accesibilidad y demanda de los servicios ofertados.<\/p>\n\n\n\n<h4 class=\"wp-block-heading has-text-align-center\" style=\"font-size:28px\"><strong>&#8211; Reportes de gesti\u00f3n<\/strong><\/h4>\n\n\n\n<figure class=\"wp-block-image size-large\"><img loading=\"lazy\" decoding=\"async\" width=\"1024\" height=\"576\" src=\"https:\/\/4ol.co\/wp-content\/uploads\/2022\/05\/Reportes-de-gestion-1024x576.jpg\" alt=\"\" class=\"wp-image-2457\" srcset=\"https:\/\/4ol.co\/wp-content\/uploads\/2022\/05\/Reportes-de-gestion-1024x576.jpg 1024w, https:\/\/4ol.co\/wp-content\/uploads\/2022\/05\/Reportes-de-gestion-300x169.jpg 300w, https:\/\/4ol.co\/wp-content\/uploads\/2022\/05\/Reportes-de-gestion-768x432.jpg 768w, https:\/\/4ol.co\/wp-content\/uploads\/2022\/05\/Reportes-de-gestion-1536x864.jpg 1536w, https:\/\/4ol.co\/wp-content\/uploads\/2022\/05\/Reportes-de-gestion.jpg 1920w\" sizes=\"auto, (max-width: 1024px) 100vw, 1024px\" \/><\/figure>\n\n\n\n<p class=\"has-black-color has-text-color\" style=\"font-size:17px\">Genera los reportes de las distintas atenciones m\u00e9dicas realizadas por el profesional de salud. Estos son exportables en formatos PDF o Excel con la informaci\u00f3n pertinente seg\u00fan se requiera, con el fin de evaluar la gesti\u00f3n realizada. <\/p>\n<\/div>\n<\/div>\n<\/div><\/div>\n\n\n\n<p><\/p>\n","protected":false},"excerpt":{"rendered":"<p>GESS+ busca resolver principalmente: GESS+ agrega valor y permite: GESS+ incluye: &#8211; Plataforma de gesti\u00f3n y seguimiento Permite gestionar las atenciones prestadas a los adolescentes y realizar el respectivo monitoreo y an\u00e1lisis. Genera la reportar\u00eda consolidada y detallada de las actividades prestadas, para su gesti\u00f3n interna y presentaci\u00f3n a los entes de control que lo [&hellip;]<\/p>\n","protected":false},"author":2,"featured_media":0,"parent":0,"menu_order":0,"comment_status":"closed","ping_status":"closed","template":"","meta":{"footnotes":""},"class_list":["post-261","page","type-page","status-publish","hentry"],"_links":{"self":[{"href":"https:\/\/4ol.co\/index.php\/wp-json\/wp\/v2\/pages\/261","targetHints":{"allow":["GET"]}}],"collection":[{"href":"https:\/\/4ol.co\/index.php\/wp-json\/wp\/v2\/pages"}],"about":[{"href":"https:\/\/4ol.co\/index.php\/wp-json\/wp\/v2\/types\/page"}],"author":[{"embeddable":true,"href":"https:\/\/4ol.co\/index.php\/wp-json\/wp\/v2\/users\/2"}],"replies":[{"embeddable":true,"href":"https:\/\/4ol.co\/index.php\/wp-json\/wp\/v2\/comments?post=261"}],"version-history":[{"count":113,"href":"https:\/\/4ol.co\/index.php\/wp-json\/wp\/v2\/pages\/261\/revisions"}],"predecessor-version":[{"id":2786,"href":"https:\/\/4ol.co\/index.php\/wp-json\/wp\/v2\/pages\/261\/revisions\/2786"}],"wp:attachment":[{"href":"https:\/\/4ol.co\/index.php\/wp-json\/wp\/v2\/media?parent=261"}],"curies":[{"name":"wp","href":"https:\/\/api.w.org\/{rel}","templated":true}]}}